{"id":3086,"date":"2021-12-07T11:56:52","date_gmt":"2021-12-07T11:56:52","guid":{"rendered":"https:\/\/centrocongressosalgarve.com\/eventos-sociais\/past-events\/"},"modified":"2025-05-27T15:57:40","modified_gmt":"2025-05-27T15:57:40","slug":"eventos-passados","status":"publish","type":"page","link":"https:\/\/mail.centrocongressosalgarve.com\/pt-pt\/eventos-sociais\/eventos-passados\/","title":{"rendered":"Eventos Passados"},"content":{"rendered":"\n<h2 class=\"wp-block-heading\">Timeline de Eventos\u00a0Passados<\/h2>\n\n\n\n<h3 class=\"wp-block-heading\">Gala de R\u00e9veillon 2024 com Tony Carreira<\/h3>\n\n\n\n<p>No dia 31 de dezembro, tivemos a honra de receber no Centro de Congressos do Algarve o incompar\u00e1vel Tony Carreira para uma noite memor\u00e1vel, marcada por um elegante jantar, e culminando com o concerto do Tony Carreira. Foi com a sua voz e talento \u00fanicos que entr\u00e1mos em 2025, sempre com a promessa de partilharmos mais momentos especiais como este.<\/p>\n\n\n\n<figure class=\"wp-block-embed is-type-video is-provider-youtube wp-block-embed-youtube wp-embed-aspect-16-9 wp-has-aspect-ratio\"><div class=\"wp-block-embed__wrapper\">\n<div class=\"youtube embed-container not-loaded is-type-video youtube\"><div class=\"video-placeholder\" style=\"background-image: url(https:\/\/img.youtube.com\/vi\/s_yPWMLjm-E\/maxresdefault.jpg);\"><\/div><div class=\"iframe youtube-video\" title=\"2024 NEW YEAR\u2019S EVE WITH TONY CARREIRA | ALGARVE CONGRESS CENTRE | TIVOLI MARINA VILAMOURA\" data-iframe-src=\"s_yPWMLjm-E\" data-iframe-origin=\"https:\/\/mail.centrocongressosalgarve.com\/pt-pt\/\" data-iframe-start=\"0\"><noscript><iframe loading=\"lazy\" class=\"youtube-video\" title=\"Youtube video\" width=\"640\" height=\"360\" src=\"https:\/\/www.youtube.com\/embed\/s_yPWMLjm-E?modestbranding=1&#038;showinfo=0&#038;rel=0&#038;enablejsapi=1&#038;origin=https:\/\/mail.centrocongressosalgarve.com\/pt-pt\/\" webkitallowfullscreen mozallowfullscreen allowfullscreen> <\/iframe><\/noscript><\/div><\/div>\n<\/div><\/figure>\n\n\n\n<div style=\"height:50px\" aria-hidden=\"true\" class=\"wp-block-spacer\"><\/div>\n\n\n\n<h3 class=\"wp-block-heading\">Gala de R\u00e9veillon 2022 no Centro de Congressos do Algarve<\/h3>\n\n\n\n<p>Os melhores momentos da nossa inesquec\u00edvel Passagem de Ano celebrada junto ao mar, na ampla e \u00fanica Sala F\u00e9nix, do Centro de Congressos do Algarve. Um evento com o formato de mercado gastron\u00f3mico, seguido de m\u00fasica ao vivo e do magn\u00edfico fogo de artif\u00edcio a partir do terra\u00e7o com vista oce\u00e2nica.<\/p>\n\n\n\n<figure class=\"wp-block-embed is-type-video is-provider-youtube wp-block-embed-youtube wp-embed-aspect-16-9 wp-has-aspect-ratio\"><div class=\"wp-block-embed__wrapper\">\n<div class=\"youtube embed-container not-loaded is-type-video youtube\"><div class=\"video-placeholder\" style=\"background-image: url(https:\/\/img.youtube.com\/vi\/RRMhe6ZzIYg\/maxresdefault.jpg);\"><\/div><div class=\"iframe youtube-video\" title=\"2022 New Year\u2019s Eve at Tivoli Marina Vilamoura | Tivoli Hotels &amp; Resorts\" data-iframe-src=\"RRMhe6ZzIYg\" data-iframe-origin=\"https:\/\/mail.centrocongressosalgarve.com\/pt-pt\/\" data-iframe-start=\"0\"><noscript><iframe loading=\"lazy\" class=\"youtube-video\" title=\"Youtube video\" width=\"640\" height=\"360\" src=\"https:\/\/www.youtube.com\/embed\/RRMhe6ZzIYg?modestbranding=1&#038;showinfo=0&#038;rel=0&#038;enablejsapi=1&#038;origin=https:\/\/mail.centrocongressosalgarve.com\/pt-pt\/\" webkitallowfullscreen mozallowfullscreen allowfullscreen> <\/iframe><\/noscript><\/div><\/div>\n<\/div><\/figure>\n\n\n\n<div style=\"height:50px\" aria-hidden=\"true\" class=\"wp-block-spacer\"><\/div>\n\n\n\n<h3 class=\"wp-block-heading\">Resort &amp; Residential Hospitality Forum 2022<\/h3>\n\n\n\n<p>Tudo sobre investimento em resorts, lazer e imobili\u00e1rio.<br>Eis um resumo do evento &#8220;Resort &amp; Residential Hospitality Forum&#8221; (R&amp;R) que decorreu no Centro de Congressos do Algarve, entre 17 e 19 de outubro.<\/p>\n\n\n\n<figure class=\"wp-block-embed is-type-video is-provider-youtube wp-block-embed-youtube wp-embed-aspect-16-9 wp-has-aspect-ratio\"><div class=\"wp-block-embed__wrapper\">\n<div class=\"youtube embed-container not-loaded is-type-video youtube\"><div class=\"video-placeholder\" style=\"background-image: url(https:\/\/img.youtube.com\/vi\/5VO_bjrBPx8\/maxresdefault.jpg);\"><\/div><div class=\"iframe youtube-video\" title=\"R&amp;R Event Promo for 2022\" data-iframe-src=\"5VO_bjrBPx8\" data-iframe-origin=\"https:\/\/mail.centrocongressosalgarve.com\/pt-pt\/\" data-iframe-start=\"0\"><noscript><iframe loading=\"lazy\" class=\"youtube-video\" title=\"Youtube video\" width=\"640\" height=\"360\" src=\"https:\/\/www.youtube.com\/embed\/5VO_bjrBPx8?modestbranding=1&#038;showinfo=0&#038;rel=0&#038;enablejsapi=1&#038;origin=https:\/\/mail.centrocongressosalgarve.com\/pt-pt\/\" webkitallowfullscreen mozallowfullscreen allowfullscreen> <\/iframe><\/noscript><\/div><\/div>\n<\/div><\/figure>\n\n\n\n<div style=\"height:50px\" aria-hidden=\"true\" class=\"wp-block-spacer\"><\/div>\n\n\n\n<h3 class=\"wp-block-heading\">Setup Sala F\u00e9nix | Time lapse<\/h3>\n\n\n\n<p>Passo a passo, a prepara\u00e7\u00e3o mais mais um evento memor\u00e1vel na nossa sala F\u00e9nix.<\/p>\n\n\n\n<figure class=\"wp-block-embed is-type-video is-provider-youtube wp-block-embed-youtube wp-embed-aspect-16-9 wp-has-aspect-ratio\"><div class=\"wp-block-embed__wrapper\">\n<div class=\"youtube embed-container not-loaded is-type-video youtube\"><div class=\"video-placeholder\" style=\"background-image: url(https:\/\/img.youtube.com\/vi\/egVVoeL4OU0\/maxresdefault.jpg);\"><\/div><div class=\"iframe youtube-video\" title=\"F\u00c9NIX ROOM SET UP | Algarve Congress Centre\" data-iframe-src=\"egVVoeL4OU0\" data-iframe-origin=\"https:\/\/mail.centrocongressosalgarve.com\/pt-pt\/\" data-iframe-start=\"0\"><noscript><iframe loading=\"lazy\" class=\"youtube-video\" title=\"Youtube video\" width=\"640\" height=\"360\" src=\"https:\/\/www.youtube.com\/embed\/egVVoeL4OU0?modestbranding=1&#038;showinfo=0&#038;rel=0&#038;enablejsapi=1&#038;origin=https:\/\/mail.centrocongressosalgarve.com\/pt-pt\/\" webkitallowfullscreen mozallowfullscreen allowfullscreen> <\/iframe><\/noscript><\/div><\/div>\n<\/div><\/figure>\n\n\n\n<div style=\"height:50px\" aria-hidden=\"true\" class=\"wp-block-spacer\"><\/div>\n\n\n\n<h3 class=\"wp-block-heading\">Resort &amp; Residential Hospitality Forum 2021&nbsp;<\/h3>\n\n\n\n<p>Em Outubro de 2021, recebemos a confer\u00eancia internacional o Resort &amp; Residential Hospitality Forum, que reuniu investidores e oradores l\u00edderes influentes de todas as vertentes de investimento imobili\u00e1rio, turismo e hospitalidade, que tornaram esta experi\u00eancia \u00fanica, informativa, inovadora e educacional para todos os participantes.&nbsp;<\/p>\n\n\n\n<figure class=\"wp-block-embed is-type-video is-provider-vimeo wp-block-embed-vimeo wp-embed-aspect-16-9 wp-has-aspect-ratio\"><div class=\"wp-block-embed__wrapper\">\n<iframe loading=\"lazy\" title=\"R&amp;R 2021\" src=\"https:\/\/player.vimeo.com\/video\/639482791?h=79b713507e&amp;dnt=1&amp;app_id=122963\" width=\"640\" height=\"360\" frameborder=\"0\" allow=\"autoplay; fullscreen; picture-in-picture; clipboard-write; encrypted-media\"><\/iframe>\n<\/div><\/figure>\n\n\n\n<div style=\"height:50px\" aria-hidden=\"true\" class=\"wp-block-spacer\"><\/div>\n\n\n\n<h3 class=\"wp-block-heading\">Algarve Congress Centre Rooftop &#8211; Live On the Bright Side&nbsp;<\/h3>\n\n\n\n<p>Durante a pandemia, a Tivoli Hotels &amp; Resorts criou o evento Live On the Bright Side, um sunset party online onde Djs e Bandas espalharam boas vibra\u00e7\u00f5es de ver\u00e3o directamente dos Rooftops do Tivoli Carvoeiro e do Centro de Congressos do Algarve.&nbsp;<\/p>\n\n\n\n<figure class=\"wp-block-embed is-type-video is-provider-youtube wp-block-embed-youtube wp-embed-aspect-16-9 wp-has-aspect-ratio\"><div class=\"wp-block-embed__wrapper\">\n<div class=\"youtube embed-container not-loaded is-type-video youtube\"><div class=\"video-placeholder\" style=\"background-image: url(https:\/\/img.youtube.com\/vi\/NeBx1_dZgGc\/maxresdefault.jpg);\"><\/div><div class=\"iframe youtube-video\" title=\"Live on the Bright Side | Tivoli Carvoeiro and Algarve Congress Centre Rooftops\" data-iframe-src=\"NeBx1_dZgGc\" data-iframe-origin=\"https:\/\/mail.centrocongressosalgarve.com\/pt-pt\/\" data-iframe-start=\"19\"><noscript><iframe loading=\"lazy\" class=\"youtube-video\" title=\"Youtube video\" width=\"640\" height=\"360\" src=\"https:\/\/www.youtube.com\/embed\/NeBx1_dZgGc?start=19&#038;modestbranding=1&#038;showinfo=0&#038;rel=0&#038;enablejsapi=1&#038;origin=https:\/\/mail.centrocongressosalgarve.com\/pt-pt\/\" webkitallowfullscreen mozallowfullscreen allowfullscreen> <\/iframe><\/noscript><\/div><\/div>\n<\/div><\/figure>\n\n\n\n<div style=\"height:50px\" aria-hidden=\"true\" class=\"wp-block-spacer\"><\/div>\n\n\n\n<h3 class=\"wp-block-heading\">Tivoli Marina Vilamoura 2019 R\u00e9veillon Gala no Centro de Congressos do Algarve<\/h3>\n\n\n\n<p>As luzes cintilantes da Marina e o \u00eaxtase \u00e0 beira-mar deram o tom para uma noite inesquec\u00edvel no Centro de Congressos do Algarve. A Gala de R\u00e9veillon de 2019 do Tivoli Marina Vilamoura apresentou um evento deslumbrante com um emocionante concerto de Jos\u00e9 Cid, sabores soberbos e vistas \u00fanicas sobre o Atl\u00e2ntico e a ic\u00f3nica Marina de Vilamoura.&nbsp;&nbsp;<\/p>\n\n\n\n<figure class=\"wp-block-embed is-type-video is-provider-youtube wp-block-embed-youtube wp-embed-aspect-16-9 wp-has-aspect-ratio\"><div class=\"wp-block-embed__wrapper\">\n<div class=\"youtube embed-container not-loaded is-type-video youtube\"><div class=\"video-placeholder\" style=\"background-image: url(https:\/\/img.youtube.com\/vi\/RwdxNZhrls4\/maxresdefault.jpg);\"><\/div><div class=\"iframe youtube-video\" title=\"2019 New Year\u2019s Eve Gala at Algarve Congress Centre\" data-iframe-src=\"RwdxNZhrls4\" data-iframe-origin=\"https:\/\/mail.centrocongressosalgarve.com\/pt-pt\/\" data-iframe-start=\"0\"><noscript><iframe loading=\"lazy\" class=\"youtube-video\" title=\"Youtube video\" width=\"640\" height=\"360\" src=\"https:\/\/www.youtube.com\/embed\/RwdxNZhrls4?modestbranding=1&#038;showinfo=0&#038;rel=0&#038;enablejsapi=1&#038;origin=https:\/\/mail.centrocongressosalgarve.com\/pt-pt\/\" webkitallowfullscreen mozallowfullscreen allowfullscreen> <\/iframe><\/noscript><\/div><\/div>\n<\/div><\/figure>\n\n\n\n<div style=\"height:50px\" aria-hidden=\"true\" class=\"wp-block-spacer\"><\/div>\n\n\n\n<h3 class=\"wp-block-heading\">Tivoli Marina Vilamoura 2018 R\u00e9veillon Gala no Centro de Congressos do Algarve<\/h3>\n\n\n\n<p>&nbsp;Teve lugar no Centro de Congressos do Algarve, a Gala de R\u00e9veillon 2018 do Tivoli Marina Vilamoura. Um evento excecional com gastronomia requintada, vistas deslumbrantes sobre o Oceano e a Marina de Vilamoura, na companhia de um concerto m\u00e1gico de Rui Veloso que tornou esta noite verdadeiramente sofisticada e memor\u00e1vel.&nbsp;<\/p>\n\n\n\n<figure class=\"wp-block-embed is-type-video is-provider-youtube wp-block-embed-youtube wp-embed-aspect-16-9 wp-has-aspect-ratio\"><div class=\"wp-block-embed__wrapper\">\n<div class=\"youtube embed-container not-loaded is-type-video youtube\"><div class=\"video-placeholder\" style=\"background-image: url(https:\/\/img.youtube.com\/vi\/4GKPy1b0Ctk\/maxresdefault.jpg);\"><\/div><div class=\"iframe youtube-video\" title=\"2018 New Year&#039;s Eve Gala at Algarve Congress Centre\" data-iframe-src=\"4GKPy1b0Ctk\" data-iframe-origin=\"https:\/\/mail.centrocongressosalgarve.com\/pt-pt\/\" data-iframe-start=\"0\"><noscript><iframe loading=\"lazy\" class=\"youtube-video\" title=\"Youtube video\" width=\"640\" height=\"360\" src=\"https:\/\/www.youtube.com\/embed\/4GKPy1b0Ctk?modestbranding=1&#038;showinfo=0&#038;rel=0&#038;enablejsapi=1&#038;origin=https:\/\/mail.centrocongressosalgarve.com\/pt-pt\/\" webkitallowfullscreen mozallowfullscreen allowfullscreen> <\/iframe><\/noscript><\/div><\/div>\n<\/div><\/figure>\n","protected":false},"excerpt":{"rendered":"<p>Timeline de Eventos\u00a0Passados Gala de R\u00e9veillon 2024 com Tony Carreira No dia 31 de dezembro, tivemos a honra de receber no Centro de Congressos do Algarve o incompar\u00e1vel Tony Carreira para uma noite memor\u00e1vel, marcada por um elegante jantar, e culminando com o concerto do Tony Carreira. Foi com a sua voz e talento \u00fanicos [&hellip;]<\/p>\n","protected":false},"author":1,"featured_media":3052,"parent":1025,"menu_order":0,"comment_status":"closed","ping_status":"closed","template":"","meta":{"_acf_changed":false,"om_disable_all_campaigns":false,"inline_featured_image":false,"footnotes":""},"class_list":["post-3086","page","type-page","status-publish","has-post-thumbnail","hentry","page-entry"],"acf":[],"aioseo_notices":[],"_links":{"self":[{"href":"https:\/\/mail.centrocongressosalgarve.com\/pt-pt\/wp-json\/wp\/v2\/pages\/3086","targetHints":{"allow":["GET"]}}],"collection":[{"href":"https:\/\/mail.centrocongressosalgarve.com\/pt-pt\/wp-json\/wp\/v2\/pages"}],"about":[{"href":"https:\/\/mail.centrocongressosalgarve.com\/pt-pt\/wp-json\/wp\/v2\/types\/page"}],"author":[{"embeddable":true,"href":"https:\/\/mail.centrocongressosalgarve.com\/pt-pt\/wp-json\/wp\/v2\/users\/1"}],"replies":[{"embeddable":true,"href":"https:\/\/mail.centrocongressosalgarve.com\/pt-pt\/wp-json\/wp\/v2\/comments?post=3086"}],"version-history":[{"count":5,"href":"https:\/\/mail.centrocongressosalgarve.com\/pt-pt\/wp-json\/wp\/v2\/pages\/3086\/revisions"}],"predecessor-version":[{"id":4591,"href":"https:\/\/mail.centrocongressosalgarve.com\/pt-pt\/wp-json\/wp\/v2\/pages\/3086\/revisions\/4591"}],"up":[{"embeddable":true,"href":"https:\/\/mail.centrocongressosalgarve.com\/pt-pt\/wp-json\/wp\/v2\/pages\/1025"}],"wp:featuredmedia":[{"embeddable":true,"href":"https:\/\/mail.centrocongressosalgarve.com\/pt-pt\/wp-json\/wp\/v2\/media\/3052"}],"wp:attachment":[{"href":"https:\/\/mail.centrocongressosalgarve.com\/pt-pt\/wp-json\/wp\/v2\/media?parent=3086"}],"curies":[{"name":"wp","href":"https:\/\/api.w.org\/{rel}","templated":true}]}}