{"id":1077,"date":"2018-12-10T15:50:29","date_gmt":"2018-12-10T15:50:29","guid":{"rendered":"https:\/\/www.centrocongressosalgarve.com\/?page_id=1077"},"modified":"2023-06-05T15:57:34","modified_gmt":"2023-06-05T15:57:34","slug":"salas-de-reuniao","status":"publish","type":"page","link":"https:\/\/mail.centrocongressosalgarve.com\/pt-pt\/o-centro\/salas-de-reuniao\/","title":{"rendered":"Salas de Reuni\u00e3o para Alugar"},"content":{"rendered":"\n<h2 class=\"wp-block-heading\">Salas com caracter\u00edsticas ideais para Eventos<\/h2>\n\n\n\n<div style=\"height:100px\" aria-hidden=\"true\" class=\"wp-block-spacer\"><\/div>\n\n\n\n<div class=\"wp-block-columns is-layout-flex wp-container-core-columns-is-layout-9d6595d7 wp-block-columns-is-layout-flex\">\n<div class=\"wp-block-column is-layout-flow wp-block-column-is-layout-flow\">\n<h2 class=\"wp-block-heading\">SALA DE REUNI\u00c3O F\u00c9NIX<\/h2>\n\n\n\n<p>Distinguida pela sua arquitetura moderna, a sala F\u00e9nix \u00e9 o ex-libris do Centro de Congressos do Algarve devido \u00e0 sua capacidade at\u00e9 3.000 pessoas.<\/p>\n\n\n\n<div class=\"wp-block-buttons is-layout-flex wp-block-buttons-is-layout-flex\">\n<div class=\"wp-block-button\"><a class=\"wp-block-button__link wp-element-button\" href=\"https:\/\/centrocongressosalgarve.com\/pt-pt\/o-centro\/salas-de-reuniao\/fenix\/\">Saber mais<\/a><\/div>\n<\/div>\n<\/div>\n\n\n\n<div class=\"wp-block-column is-layout-flow wp-block-column-is-layout-flow\">\n<figure class=\"wp-block-image size-full\"><img loading=\"lazy\" decoding=\"async\" width=\"900\" height=\"600\" src=\"https:\/\/centrocongressosalgarve.com\/files\/uploads\/2019\/02\/algarve_centrocongressos_meetingroom_cabaret-2.jpg\" alt=\"\" class=\"wp-image-1904\" srcset=\"https:\/\/mail.centrocongressosalgarve.com\/files\/uploads\/2019\/02\/algarve_centrocongressos_meetingroom_cabaret-2.jpg 900w, https:\/\/mail.centrocongressosalgarve.com\/files\/uploads\/2019\/02\/algarve_centrocongressos_meetingroom_cabaret-2-300x200.jpg 300w, https:\/\/mail.centrocongressosalgarve.com\/files\/uploads\/2019\/02\/algarve_centrocongressos_meetingroom_cabaret-2-768x512.jpg 768w\" sizes=\"auto, (max-width: 900px) 100vw, 900px\" \/><\/figure>\n<\/div>\n<\/div>\n\n\n\n<div style=\"height:100px\" aria-hidden=\"true\" class=\"wp-block-spacer\"><\/div>\n\n\n\n<div class=\"wp-block-columns is-layout-flex wp-container-core-columns-is-layout-9d6595d7 wp-block-columns-is-layout-flex\">\n<div class=\"wp-block-column is-layout-flow wp-block-column-is-layout-flow\">\n<h2 class=\"wp-block-heading\">SALAS DE REUNI\u00c3O P\u00c9GASO E NEPTUNO<\/h2>\n\n\n\n<p>Com uma \u00e1rea de 420 m\u00b2 cada e p\u00e9 direito de 4 metros, as salas P\u00e9gaso e Neptuno permitem ser subdivididas em espa\u00e7os distintos com capacidades at\u00e9 430 pessoas sentadas em plateia ou 210 em escola, com uma vista magn\u00edfica sobre a Marina de Vilamoura ou sobre o oceano.<\/p>\n\n\n\n<div class=\"wp-block-buttons is-layout-flex wp-block-buttons-is-layout-flex\">\n<div class=\"wp-block-button\"><a class=\"wp-block-button__link wp-element-button\" href=\"https:\/\/centrocongressosalgarve.com\/pt-pt\/o-centro\/salas-de-reuniao\/pegaso-neptuno\/\">Saber mais<\/a><\/div>\n<\/div>\n<\/div>\n\n\n\n<div class=\"wp-block-column is-layout-flow wp-block-column-is-layout-flow\">\n<figure class=\"wp-block-image size-full\"><img loading=\"lazy\" decoding=\"async\" width=\"900\" height=\"600\" src=\"https:\/\/centrocongressosalgarve.com\/files\/uploads\/2019\/02\/algarve_centrocongressos_meetingroom_school_harbourview.jpg\" alt=\"\" class=\"wp-image-1784\" srcset=\"https:\/\/mail.centrocongressosalgarve.com\/files\/uploads\/2019\/02\/algarve_centrocongressos_meetingroom_school_harbourview.jpg 900w, https:\/\/mail.centrocongressosalgarve.com\/files\/uploads\/2019\/02\/algarve_centrocongressos_meetingroom_school_harbourview-300x200.jpg 300w, https:\/\/mail.centrocongressosalgarve.com\/files\/uploads\/2019\/02\/algarve_centrocongressos_meetingroom_school_harbourview-768x512.jpg 768w\" sizes=\"auto, (max-width: 900px) 100vw, 900px\" \/><\/figure>\n<\/div>\n<\/div>\n\n\n\n<div style=\"height:100px\" aria-hidden=\"true\" class=\"wp-block-spacer\"><\/div>\n\n\n\n<h2 class=\"wp-block-heading\">COMPARAR SALAS<\/h2>\n\n\n\n<p>Fique a conhecer em detalhe a capacidade de cada uma das nossas salas nas diferentes configura\u00e7\u00f5es poss\u00edveis.<\/p>\n\n\n\n<p>Compare e selecione os espa\u00e7os mais indicados para cada momento do seu evento.<\/p>\n\n\n\n<div class=\"wp-block-buttons is-layout-flex wp-block-buttons-is-layout-flex\">\n<div class=\"wp-block-button\"><a class=\"wp-block-button__link wp-element-button\" href=\"https:\/\/centrocongressosalgarve.com\/pt-pt\/o-centro\/salas-de-reuniao\/comparar-salas\/\">comparar salas<\/a><\/div>\n<\/div>\n","protected":false},"excerpt":{"rendered":"<p>Salas com caracter\u00edsticas ideais para Eventos SALA DE REUNI\u00c3O F\u00c9NIX Distinguida pela sua arquitetura moderna, a sala F\u00e9nix \u00e9 o ex-libris do Centro de Congressos do Algarve devido \u00e0 sua capacidade at\u00e9 3.000 pessoas. SALAS DE REUNI\u00c3O P\u00c9GASO E NEPTUNO Com uma \u00e1rea de 420 m\u00b2 cada e p\u00e9 direito de 4 metros, as salas [&hellip;]<\/p>\n","protected":false},"author":2,"featured_media":0,"parent":1007,"menu_order":1,"comment_status":"closed","ping_status":"closed","template":"","meta":{"_acf_changed":false,"om_disable_all_campaigns":false,"inline_featured_image":false,"footnotes":""},"class_list":["post-1077","page","type-page","status-publish","hentry","page-entry"],"acf":[],"aioseo_notices":[],"_links":{"self":[{"href":"https:\/\/mail.centrocongressosalgarve.com\/pt-pt\/wp-json\/wp\/v2\/pages\/1077","targetHints":{"allow":["GET"]}}],"collection":[{"href":"https:\/\/mail.centrocongressosalgarve.com\/pt-pt\/wp-json\/wp\/v2\/pages"}],"about":[{"href":"https:\/\/mail.centrocongressosalgarve.com\/pt-pt\/wp-json\/wp\/v2\/types\/page"}],"author":[{"embeddable":true,"href":"https:\/\/mail.centrocongressosalgarve.com\/pt-pt\/wp-json\/wp\/v2\/users\/2"}],"replies":[{"embeddable":true,"href":"https:\/\/mail.centrocongressosalgarve.com\/pt-pt\/wp-json\/wp\/v2\/comments?post=1077"}],"version-history":[{"count":5,"href":"https:\/\/mail.centrocongressosalgarve.com\/pt-pt\/wp-json\/wp\/v2\/pages\/1077\/revisions"}],"predecessor-version":[{"id":4211,"href":"https:\/\/mail.centrocongressosalgarve.com\/pt-pt\/wp-json\/wp\/v2\/pages\/1077\/revisions\/4211"}],"up":[{"embeddable":true,"href":"https:\/\/mail.centrocongressosalgarve.com\/pt-pt\/wp-json\/wp\/v2\/pages\/1007"}],"wp:attachment":[{"href":"https:\/\/mail.centrocongressosalgarve.com\/pt-pt\/wp-json\/wp\/v2\/media?parent=1077"}],"curies":[{"name":"wp","href":"https:\/\/api.w.org\/{rel}","templated":true}]}}