{"id":2072,"date":"2018-12-10T15:30:44","date_gmt":"2018-12-10T15:30:44","guid":{"rendered":"https:\/\/www.centrocongressosalgarve.com\/ativacoes-de-marca-e-lancamento-de-produto\/"},"modified":"2019-03-13T12:55:39","modified_gmt":"2019-03-13T12:55:39","slug":"ativacoes-de-marca-e-lancamento-de-produto","status":"publish","type":"page","link":"https:\/\/mail.centrocongressosalgarve.com\/fr\/eventos-sociais\/ativacoes-de-marca-e-lancamento-de-produto\/","title":{"rendered":"Activations de Marque et Lancements de Produit"},"content":{"rendered":"\n<p class=\"wp-block-paragraph\"> Avec 22 salles de r\u00e9union modulaires et multifonctionnelles, et des foyers de soutien, le Centre de Congr\u00e8s d\u2019Algarve rassemble les conditions id\u00e9ales pour la r\u00e9alisation d\u2019activations de marque et de lancements de produit, qui pourront \u00eatre accompagn\u00e9s par divers services, tels que service de traiteur, restauration et exp\u00e9riences locales afin que les \u00e9v\u00e8nements ici r\u00e9alis\u00e9s soient m\u00e9morables. Les conditions techniques et technologiques pr\u00e9sentes dans cet espace, les acc\u00e8s aux r\u00e9seaux et les solutions de suspension, garantissent la base n\u00e9cessaire \u00e0 la r\u00e9alisation des \u00e9v\u00e8nements et des productions les plus exigeants. <\/p>\n","protected":false},"excerpt":{"rendered":"<p>Avec 22 salles de r\u00e9union modulaires et multifonctionnelles, et des foyers de soutien, le Centre de Congr\u00e8s d\u2019Algarve rassemble les conditions id\u00e9ales pour la r\u00e9alisation d\u2019activations de marque et de lancements de produit, qui pourront \u00eatre accompagn\u00e9s par divers services, tels que service de traiteur, restauration et exp\u00e9riences locales afin que les \u00e9v\u00e8nements ici r\u00e9alis\u00e9s [&hellip;]<\/p>\n","protected":false},"author":2,"featured_media":1722,"parent":2100,"menu_order":0,"comment_status":"closed","ping_status":"closed","template":"templates\/social-events-child.php","meta":{"_acf_changed":false,"om_disable_all_campaigns":false,"inline_featured_image":false,"footnotes":""},"class_list":["post-2072","page","type-page","status-publish","has-post-thumbnail","hentry","page-entry"],"acf":[],"aioseo_notices":[],"aioseo_head":"\n\t\t<!-- All in One SEO 5.0.1 - aioseo.com -->\n\t<meta name=\"description\" content=\"Avec ses 22 salles multifonctionnelles, ses foyers et divers services de restauration, le Centro de Congressos do Algarve est le lieu id\u00e9al pour les activations de marque et les lancements de produits.\" \/>\n\t<meta name=\"robots\" content=\"max-image-preview:large\" \/>\n\t<link rel=\"canonical\" href=\"https:\/\/mail.centrocongressosalgarve.com\/fr\/eventos-sociais\/ativacoes-de-marca-e-lancamento-de-produto\/\" \/>\n\t<meta name=\"generator\" content=\"All in One SEO (AIOSEO) 5.0.1\" \/>\n\t\t<meta property=\"og:locale\" content=\"fr_FR\" \/>\n\t\t<meta property=\"og:site_name\" content=\"Centro de Congressos do Algarve\" \/>\n\t\t<meta property=\"og:type\" content=\"activity\" \/>\n\t\t<meta property=\"og:title\" content=\"Activations de Marque et Lancements de Produit\" \/>\n\t\t<meta property=\"og:description\" content=\"Avec ses 22 salles multifonctionnelles, ses foyers et divers services de restauration, le Centro de Congressos do Algarve est le lieu id\u00e9al pour les activations de marque et les lancements de produits.\" \/>\n\t\t<meta property=\"og:url\" content=\"https:\/\/mail.centrocongressosalgarve.com\/fr\/eventos-sociais\/ativacoes-de-marca-e-lancamento-de-produto\/\" \/>\n\t\t<meta property=\"og:image\" content=\"https:\/\/mail.centrocongressosalgarve.com\/files\/uploads\/2019\/02\/Lancamento-Produto_small.jpg\" \/>\n\t\t<meta property=\"og:image:secure_url\" content=\"https:\/\/mail.centrocongressosalgarve.com\/files\/uploads\/2019\/02\/Lancamento-Produto_small.jpg\" \/>\n\t\t<meta property=\"og:image:width\" content=\"900\" \/>\n\t\t<meta property=\"og:image:height\" content=\"600\" \/>\n\t\t<meta name=\"twitter:card\" content=\"summary\" \/>\n\t\t<meta name=\"twitter:title\" content=\"Activations de Marque et Lancements de Produit\" \/>\n\t\t<meta name=\"twitter:description\" content=\"Avec ses 22 salles multifonctionnelles, ses foyers et divers services de restauration, le Centro de Congressos do Algarve est le lieu id\u00e9al pour les activations de marque et les lancements de produits.\" \/>\n\t\t<meta name=\"twitter:image\" content=\"https:\/\/mail.centrocongressosalgarve.com\/files\/uploads\/2019\/02\/Lancamento-Produto_small.jpg\" \/>\n\t\t<script type=\"application\/ld+json\" class=\"aioseo-schema\">\n\t\t\t{\"@context\":\"https:\\\/\\\/schema.org\",\"@graph\":[{\"@type\":\"BreadcrumbList\",\"@id\":\"https:\\\/\\\/mail.centrocongressosalgarve.com\\\/fr\\\/eventos-sociais\\\/ativacoes-de-marca-e-lancamento-de-produto\\\/#breadcrumblist\",\"itemListElement\":[{\"@type\":\"ListItem\",\"@id\":\"https:\\\/\\\/mail.centrocongressosalgarve.com\\\/fr\\\/#listItem\",\"position\":1,\"name\":\"Home\",\"item\":\"https:\\\/\\\/mail.centrocongressosalgarve.com\\\/fr\\\/\",\"nextItem\":{\"@type\":\"ListItem\",\"@id\":\"https:\\\/\\\/mail.centrocongressosalgarve.com\\\/fr\\\/eventos-sociais\\\/#listItem\",\"name\":\"Ev\\u00e8nements Sociaux\"}},{\"@type\":\"ListItem\",\"@id\":\"https:\\\/\\\/mail.centrocongressosalgarve.com\\\/fr\\\/eventos-sociais\\\/#listItem\",\"position\":2,\"name\":\"Ev\\u00e8nements Sociaux\",\"item\":\"https:\\\/\\\/mail.centrocongressosalgarve.com\\\/fr\\\/eventos-sociais\\\/\",\"nextItem\":{\"@type\":\"ListItem\",\"@id\":\"https:\\\/\\\/mail.centrocongressosalgarve.com\\\/fr\\\/eventos-sociais\\\/ativacoes-de-marca-e-lancamento-de-produto\\\/#listItem\",\"name\":\"Activations de Marque et Lancements de Produit\"},\"previousItem\":{\"@type\":\"ListItem\",\"@id\":\"https:\\\/\\\/mail.centrocongressosalgarve.com\\\/fr\\\/#listItem\",\"name\":\"Home\"}},{\"@type\":\"ListItem\",\"@id\":\"https:\\\/\\\/mail.centrocongressosalgarve.com\\\/fr\\\/eventos-sociais\\\/ativacoes-de-marca-e-lancamento-de-produto\\\/#listItem\",\"position\":3,\"name\":\"Activations de Marque et Lancements de Produit\",\"previousItem\":{\"@type\":\"ListItem\",\"@id\":\"https:\\\/\\\/mail.centrocongressosalgarve.com\\\/fr\\\/eventos-sociais\\\/#listItem\",\"name\":\"Ev\\u00e8nements Sociaux\"}}]},{\"@type\":\"Organization\",\"@id\":\"https:\\\/\\\/mail.centrocongressosalgarve.com\\\/fr\\\/#organization\",\"name\":\"Centro de Congressos do Algarve\",\"description\":\"World-class Events in Portugal\",\"url\":\"https:\\\/\\\/mail.centrocongressosalgarve.com\\\/fr\\\/\",\"logo\":{\"@type\":\"ImageObject\",\"url\":\"https:\\\/\\\/mail.centrocongressosalgarve.com\\\/files\\\/uploads\\\/2020\\\/11\\\/cca-logo.png\",\"@id\":\"https:\\\/\\\/mail.centrocongressosalgarve.com\\\/fr\\\/eventos-sociais\\\/ativacoes-de-marca-e-lancamento-de-produto\\\/#organizationLogo\",\"width\":640,\"height\":334,\"caption\":\"logo Centro de Congressos do Algarve in Vilamoura in Portugal\"},\"image\":{\"@id\":\"https:\\\/\\\/mail.centrocongressosalgarve.com\\\/fr\\\/eventos-sociais\\\/ativacoes-de-marca-e-lancamento-de-produto\\\/#organizationLogo\"}},{\"@type\":\"WebPage\",\"@id\":\"https:\\\/\\\/mail.centrocongressosalgarve.com\\\/fr\\\/eventos-sociais\\\/ativacoes-de-marca-e-lancamento-de-produto\\\/#webpage\",\"url\":\"https:\\\/\\\/mail.centrocongressosalgarve.com\\\/fr\\\/eventos-sociais\\\/ativacoes-de-marca-e-lancamento-de-produto\\\/\",\"name\":\"Activations de Marque et Lancements de Produit | Centro de Congressos do Algarve\",\"description\":\"Avec ses 22 salles multifonctionnelles, ses foyers et divers services de restauration, le Centro de Congressos do Algarve est le lieu id\\u00e9al pour les activations de marque et les lancements de produits.\",\"inLanguage\":\"fr-FR\",\"isPartOf\":{\"@id\":\"https:\\\/\\\/mail.centrocongressosalgarve.com\\\/fr\\\/#website\"},\"breadcrumb\":{\"@id\":\"https:\\\/\\\/mail.centrocongressosalgarve.com\\\/fr\\\/eventos-sociais\\\/ativacoes-de-marca-e-lancamento-de-produto\\\/#breadcrumblist\"},\"image\":{\"@type\":\"ImageObject\",\"url\":\"https:\\\/\\\/mail.centrocongressosalgarve.com\\\/files\\\/uploads\\\/2019\\\/02\\\/Lancamento-Produto_small.jpg\",\"@id\":\"https:\\\/\\\/mail.centrocongressosalgarve.com\\\/fr\\\/eventos-sociais\\\/ativacoes-de-marca-e-lancamento-de-produto\\\/#mainImage\",\"width\":900,\"height\":600,\"caption\":\"Evento de lan\\u00e7amento da Mercedes-Benz\"},\"primaryImageOfPage\":{\"@id\":\"https:\\\/\\\/mail.centrocongressosalgarve.com\\\/fr\\\/eventos-sociais\\\/ativacoes-de-marca-e-lancamento-de-produto\\\/#mainImage\"},\"datePublished\":\"2018-12-10T15:30:44+00:00\",\"dateModified\":\"2019-03-13T12:55:39+00:00\"},{\"@type\":\"WebSite\",\"@id\":\"https:\\\/\\\/mail.centrocongressosalgarve.com\\\/fr\\\/#website\",\"url\":\"https:\\\/\\\/mail.centrocongressosalgarve.com\\\/fr\\\/\",\"name\":\"Centro de Congressos do Algarve\",\"description\":\"World-class Events in Portugal\",\"inLanguage\":\"fr-FR\",\"publisher\":{\"@id\":\"https:\\\/\\\/mail.centrocongressosalgarve.com\\\/fr\\\/#organization\"}}]}\n\t\t<\/script>\n\t\t<!-- All in One SEO -->\n\n","aioseo_head_json":{"title":"Activations de Marque et Lancements de Produit | Centro de Congressos do Algarve","description":"Avec ses 22 salles multifonctionnelles, ses foyers et divers services de restauration, le Centro de Congressos do Algarve est le lieu id\u00e9al pour les activations de marque et les lancements de produits.","canonical_url":"https:\/\/mail.centrocongressosalgarve.com\/fr\/eventos-sociais\/ativacoes-de-marca-e-lancamento-de-produto\/","robots":"max-image-preview:large","keywords":"","webmasterTools":{"miscellaneous":""},"schema":{"@context":"https:\/\/schema.org","@graph":[{"@type":"BreadcrumbList","@id":"https:\/\/mail.centrocongressosalgarve.com\/fr\/eventos-sociais\/ativacoes-de-marca-e-lancamento-de-produto\/#breadcrumblist","itemListElement":[{"@type":"ListItem","@id":"https:\/\/mail.centrocongressosalgarve.com\/fr\/#listItem","position":1,"name":"Home","item":"https:\/\/mail.centrocongressosalgarve.com\/fr\/","nextItem":{"@type":"ListItem","@id":"https:\/\/mail.centrocongressosalgarve.com\/fr\/eventos-sociais\/#listItem","name":"Ev\u00e8nements Sociaux"}},{"@type":"ListItem","@id":"https:\/\/mail.centrocongressosalgarve.com\/fr\/eventos-sociais\/#listItem","position":2,"name":"Ev\u00e8nements Sociaux","item":"https:\/\/mail.centrocongressosalgarve.com\/fr\/eventos-sociais\/","nextItem":{"@type":"ListItem","@id":"https:\/\/mail.centrocongressosalgarve.com\/fr\/eventos-sociais\/ativacoes-de-marca-e-lancamento-de-produto\/#listItem","name":"Activations de Marque et Lancements de Produit"},"previousItem":{"@type":"ListItem","@id":"https:\/\/mail.centrocongressosalgarve.com\/fr\/#listItem","name":"Home"}},{"@type":"ListItem","@id":"https:\/\/mail.centrocongressosalgarve.com\/fr\/eventos-sociais\/ativacoes-de-marca-e-lancamento-de-produto\/#listItem","position":3,"name":"Activations de Marque et Lancements de Produit","previousItem":{"@type":"ListItem","@id":"https:\/\/mail.centrocongressosalgarve.com\/fr\/eventos-sociais\/#listItem","name":"Ev\u00e8nements Sociaux"}}]},{"@type":"Organization","@id":"https:\/\/mail.centrocongressosalgarve.com\/fr\/#organization","name":"Centro de Congressos do Algarve","description":"World-class Events in Portugal","url":"https:\/\/mail.centrocongressosalgarve.com\/fr\/","logo":{"@type":"ImageObject","url":"https:\/\/mail.centrocongressosalgarve.com\/files\/uploads\/2020\/11\/cca-logo.png","@id":"https:\/\/mail.centrocongressosalgarve.com\/fr\/eventos-sociais\/ativacoes-de-marca-e-lancamento-de-produto\/#organizationLogo","width":640,"height":334,"caption":"logo Centro de Congressos do Algarve in Vilamoura in Portugal"},"image":{"@id":"https:\/\/mail.centrocongressosalgarve.com\/fr\/eventos-sociais\/ativacoes-de-marca-e-lancamento-de-produto\/#organizationLogo"}},{"@type":"WebPage","@id":"https:\/\/mail.centrocongressosalgarve.com\/fr\/eventos-sociais\/ativacoes-de-marca-e-lancamento-de-produto\/#webpage","url":"https:\/\/mail.centrocongressosalgarve.com\/fr\/eventos-sociais\/ativacoes-de-marca-e-lancamento-de-produto\/","name":"Activations de Marque et Lancements de Produit | Centro de Congressos do Algarve","description":"Avec ses 22 salles multifonctionnelles, ses foyers et divers services de restauration, le Centro de Congressos do Algarve est le lieu id\u00e9al pour les activations de marque et les lancements de produits.","inLanguage":"fr-FR","isPartOf":{"@id":"https:\/\/mail.centrocongressosalgarve.com\/fr\/#website"},"breadcrumb":{"@id":"https:\/\/mail.centrocongressosalgarve.com\/fr\/eventos-sociais\/ativacoes-de-marca-e-lancamento-de-produto\/#breadcrumblist"},"image":{"@type":"ImageObject","url":"https:\/\/mail.centrocongressosalgarve.com\/files\/uploads\/2019\/02\/Lancamento-Produto_small.jpg","@id":"https:\/\/mail.centrocongressosalgarve.com\/fr\/eventos-sociais\/ativacoes-de-marca-e-lancamento-de-produto\/#mainImage","width":900,"height":600,"caption":"Evento de lan\u00e7amento da Mercedes-Benz"},"primaryImageOfPage":{"@id":"https:\/\/mail.centrocongressosalgarve.com\/fr\/eventos-sociais\/ativacoes-de-marca-e-lancamento-de-produto\/#mainImage"},"datePublished":"2018-12-10T15:30:44+00:00","dateModified":"2019-03-13T12:55:39+00:00"},{"@type":"WebSite","@id":"https:\/\/mail.centrocongressosalgarve.com\/fr\/#website","url":"https:\/\/mail.centrocongressosalgarve.com\/fr\/","name":"Centro de Congressos do Algarve","description":"World-class Events in Portugal","inLanguage":"fr-FR","publisher":{"@id":"https:\/\/mail.centrocongressosalgarve.com\/fr\/#organization"}}]},"og:locale":"fr_FR","og:site_name":"Centro de Congressos do Algarve","og:type":"activity","og:title":"Activations de Marque et Lancements de Produit","og:description":"Avec ses 22 salles multifonctionnelles, ses foyers et divers services de restauration, le Centro de Congressos do Algarve est le lieu id\u00e9al pour les activations de marque et les lancements de produits.","og:url":"https:\/\/mail.centrocongressosalgarve.com\/fr\/eventos-sociais\/ativacoes-de-marca-e-lancamento-de-produto\/","og:image":"https:\/\/mail.centrocongressosalgarve.com\/files\/uploads\/2019\/02\/Lancamento-Produto_small.jpg","og:image:secure_url":"https:\/\/mail.centrocongressosalgarve.com\/files\/uploads\/2019\/02\/Lancamento-Produto_small.jpg","og:image:width":900,"og:image:height":600,"twitter:card":"summary","twitter:title":"Activations de Marque et Lancements de Produit","twitter:description":"Avec ses 22 salles multifonctionnelles, ses foyers et divers services de restauration, le Centro de Congressos do Algarve est le lieu id\u00e9al pour les activations de marque et les lancements de produits.","twitter:image":"https:\/\/mail.centrocongressosalgarve.com\/files\/uploads\/2019\/02\/Lancamento-Produto_small.jpg"},"aioseo_meta_data":{"post_id":"2072","title":"Activations de Marque et Lancements de Produit | #site_title","description":"Avec ses 22 salles multifonctionnelles, ses foyers et divers services de restauration, le Centro de Congressos do Algarve est le lieu id\u00e9al pour les activations de marque et les lancements de produits.","keywords":null,"keyphrases":null,"primary_term":null,"canonical_url":null,"og_title":"Activations de Marque et Lancements de Produit","og_description":"Avec ses 22 salles multifonctionnelles, ses foyers et divers services de restauration, le Centro de Congressos do Algarve est le lieu id\u00e9al pour les activations de marque et les lancements de produits.","og_object_type":"activity","og_image_type":"default","og_image_url":null,"og_image_width":null,"og_image_height":null,"og_image_custom_url":null,"og_image_custom_fields":null,"og_video":"","og_custom_url":null,"og_article_section":"","og_article_tags":"","twitter_use_og":false,"twitter_card":"summary","twitter_image_type":"default","twitter_image_url":null,"twitter_image_custom_url":null,"twitter_image_custom_fields":null,"twitter_title":null,"twitter_description":null,"schema":{"blockGraphs":[],"customGraphs":[],"default":{"data":{"Article":[],"Course":[],"Dataset":[],"FAQPage":[],"Movie":[],"Person":[],"Product":[],"ProductReview":[],"Car":[],"Recipe":[],"Service":[],"SoftwareApplication":[],"WebPage":[]},"graphName":"","isEnabled":true},"graphs":[],"defaultGraph":"","defaultPostTypeGraph":""},"schema_type":null,"schema_type_options":null,"pillar_content":false,"robots_default":true,"robots_noindex":false,"robots_noarchive":false,"robots_nosnippet":false,"robots_nofollow":false,"robots_noimageindex":false,"robots_noodp":false,"robots_notranslate":false,"robots_max_snippet":null,"robots_max_videopreview":null,"robots_max_imagepreview":"large","priority":null,"frequency":null,"location":null,"local_seo":null,"breadcrumb_settings":null,"limit_modified_date":false,"ai":null,"created":"2020-12-27 16:55:15","updated":"2025-07-08 18:19:57","seo_analyzer_scan_date":null,"focus_keyword":null,"additional_keywords":null,"truseo_locale":null},"aioseo_breadcrumb":"<div class=\"aioseo-breadcrumbs\"><span class=\"aioseo-breadcrumb\">\n\t\t\t<a href=\"https:\/\/mail.centrocongressosalgarve.com\/fr\/\" title=\"Home\">Home<\/a>\n\t\t<\/span><span class=\"aioseo-breadcrumb-separator\">&raquo;<\/span><span class=\"aioseo-breadcrumb\">\n\t\t\t<a href=\"https:\/\/mail.centrocongressosalgarve.com\/fr\/eventos-sociais\/\" title=\"Ev\u00e8nements Sociaux\">Ev\u00e8nements Sociaux<\/a>\n\t\t<\/span><span class=\"aioseo-breadcrumb-separator\">&raquo;<\/span><span class=\"aioseo-breadcrumb\">\n\t\t\tActivations de Marque et Lancements de Produit\n\t\t<\/span><\/div>","aioseo_breadcrumb_json":[{"label":"Home","link":"https:\/\/mail.centrocongressosalgarve.com\/fr\/"},{"label":"Ev\u00e8nements Sociaux","link":"https:\/\/mail.centrocongressosalgarve.com\/fr\/eventos-sociais\/"},{"label":"Activations de Marque et Lancements de Produit","link":"https:\/\/mail.centrocongressosalgarve.com\/fr\/eventos-sociais\/ativacoes-de-marca-e-lancamento-de-produto\/"}],"_links":{"self":[{"href":"https:\/\/mail.centrocongressosalgarve.com\/fr\/wp-json\/wp\/v2\/pages\/2072","targetHints":{"allow":["GET"]}}],"collection":[{"href":"https:\/\/mail.centrocongressosalgarve.com\/fr\/wp-json\/wp\/v2\/pages"}],"about":[{"href":"https:\/\/mail.centrocongressosalgarve.com\/fr\/wp-json\/wp\/v2\/types\/page"}],"author":[{"embeddable":true,"href":"https:\/\/mail.centrocongressosalgarve.com\/fr\/wp-json\/wp\/v2\/users\/2"}],"replies":[{"embeddable":true,"href":"https:\/\/mail.centrocongressosalgarve.com\/fr\/wp-json\/wp\/v2\/comments?post=2072"}],"version-history":[{"count":3,"href":"https:\/\/mail.centrocongressosalgarve.com\/fr\/wp-json\/wp\/v2\/pages\/2072\/revisions"}],"predecessor-version":[{"id":2541,"href":"https:\/\/mail.centrocongressosalgarve.com\/fr\/wp-json\/wp\/v2\/pages\/2072\/revisions\/2541"}],"up":[{"embeddable":true,"href":"https:\/\/mail.centrocongressosalgarve.com\/fr\/wp-json\/wp\/v2\/pages\/2100"}],"wp:featuredmedia":[{"embeddable":true,"href":"https:\/\/mail.centrocongressosalgarve.com\/fr\/wp-json\/wp\/v2\/media\/1722"}],"wp:attachment":[{"href":"https:\/\/mail.centrocongressosalgarve.com\/fr\/wp-json\/wp\/v2\/media?parent=2072"}],"curies":[{"name":"wp","href":"https:\/\/api.w.org\/{rel}","templated":true}]}}